{"id":343,"date":"2022-12-26T11:37:55","date_gmt":"2022-12-26T10:37:55","guid":{"rendered":"https:\/\/annissima.com\/comunista\/"},"modified":"2024-03-18T13:44:57","modified_gmt":"2024-03-18T12:44:57","slug":"comunista","status":"publish","type":"page","link":"https:\/\/annissima.com\/fr\/","title":{"rendered":"Communio pro indiviso (2022) &#8211; Anna Scalfi Eghenter"},"content":{"rendered":"<div class=\"row row-collapse row-full-width align-middle align-center\"  id=\"row-74603428\">\n\n\t<div id=\"col-1789827946\" class=\"col small-12 large-12\"  >\n\t\t\t\t<div class=\"col-inner text-center\"  >\n\t\t\t\n\t\t\t\n\t<div id=\"text-2944108631\" class=\"text\">\n\t\t\n<h1 class=\"uppercase\">COMMUNIO PRO-INDIVISO<\/h1>\n\t\t\n<style>\n#text-2944108631 {\n  font-size: 1rem;\n  color: rgb(0,0,0);\n}\n#text-2944108631 > * {\n  color: rgb(0,0,0);\n}\n<\/style>\n\t<\/div>\n\t\n\t\t<\/div>\n\t\t\t\t\n<style>\n#col-1789827946 > .col-inner {\n  padding: 30px 0px 25px 0px;\n}\n<\/style>\n\t<\/div>\n\n\t\n<\/div>\n<div class=\"row row-collapse\"  id=\"row-2007998800\">\n\n\t<div id=\"col-2095447823\" class=\"col small-12 large-12\"  >\n\t\t\t\t<div class=\"col-inner\"  >\n\t\t\t\n\t\t\t\n\t<div class=\"img has-hover x md-x lg-x y md-y lg-y\" id=\"image_1640459938\">\n\t\t\t\t\t\t\t\t<div class=\"img-inner dark\" style=\"margin:0px 0px 0px 0px;\">\n\t\t\t<img loading=\"lazy\" decoding=\"async\" width=\"1536\" height=\"499\" src=\"https:\/\/annissima.com\/wp-content\/uploads\/2024\/01\/ScalfiEghenter_neon_Comunista_2024_new-1536x499.jpg\" class=\"attachment-1536x1536 size-1536x1536\" alt=\"\" srcset=\"https:\/\/annissima.com\/wp-content\/uploads\/2024\/01\/ScalfiEghenter_neon_Comunista_2024_new-1536x499.jpg 1536w, https:\/\/annissima.com\/wp-content\/uploads\/2024\/01\/ScalfiEghenter_neon_Comunista_2024_new-300x98.jpg 300w, https:\/\/annissima.com\/wp-content\/uploads\/2024\/01\/ScalfiEghenter_neon_Comunista_2024_new-1024x333.jpg 1024w, https:\/\/annissima.com\/wp-content\/uploads\/2024\/01\/ScalfiEghenter_neon_Comunista_2024_new-768x250.jpg 768w, https:\/\/annissima.com\/wp-content\/uploads\/2024\/01\/ScalfiEghenter_neon_Comunista_2024_new-2048x666.jpg 2048w, https:\/\/annissima.com\/wp-content\/uploads\/2024\/01\/ScalfiEghenter_neon_Comunista_2024_new-510x166.jpg 510w\" sizes=\"auto, (max-width: 1536px) 100vw, 1536px\" \/>\t\t\t\t\t\t\n\t\t\t\t\t<\/div>\n\t\t\t\t\t\t\t\t\n<style>\n#image_1640459938 {\n  width: 100%;\n}\n<\/style>\n\t<\/div>\n\t\n\t\t<\/div>\n\t\t\t\t\n<style>\n#col-2095447823 > .col-inner {\n  padding: 0px 20px 0px 20px;\n}\n<\/style>\n\t<\/div>\n\n\t\n<\/div>\n<div class=\"row row-collapse row-full-width align-middle align-center\"  id=\"row-583073497\">\n\n\t<div id=\"col-1994467745\" class=\"col small-12 large-12\"  >\n\t\t\t\t<div class=\"col-inner text-center\"  >\n\t\t\t\n\t\t\t\n\t<div id=\"text-1857143851\" class=\"text\">\n\t\t\n<h2 class=\"uppercase\"><b>DELLA COMUNIONE (COD. CIV. L. III TITOLO VII)<\/b><\/h2>\n\t\t\n<style>\n#text-1857143851 {\n  font-size: 1rem;\n  color: rgb(0,0,0);\n}\n#text-1857143851 > * {\n  color: rgb(0,0,0);\n}\n<\/style>\n\t<\/div>\n\t\n\t\t<\/div>\n\t\t\t\t\n<style>\n#col-1994467745 > .col-inner {\n  padding: 10px 0px 5px 0px;\n}\n<\/style>\n\t<\/div>\n\n\t\n\n<style>\n#row-583073497 > .col > .col-inner {\n  padding: 30px 0px 0px 0px;\n}\n@media (min-width:550px) {\n  #row-583073497 > .col > .col-inner {\n    padding: 40px 0px 0px 0px;\n  }\n}\n<\/style>\n<\/div>\n<div class=\"row row-collapse\"  id=\"row-1888866433\">\n\n\t<div id=\"col-1465141215\" class=\"col small-12 large-12\"  >\n\t\t\t\t<div class=\"col-inner\"  >\n\t\t\t\n\t\t\t\n\t<div id=\"text-3705446242\" class=\"text\">\n\t\t\n<p dir=\"ltr\">Nel Codice Civile italiano, il Libro III sulla PROPRIETA\u2019 disciplina nel Titolo VII l\u2019istituto DELLA COMUNIONE di un bene e i diritti di coloro che ne sono i comunisti, cio\u00e8 di coloro che sono proprietari di una quota dell\u2019intero bene.<\/p>\n\t\t\n<style>\n#text-3705446242 {\n  font-size: 1rem;\n  text-align: left;\n  color: rgb(0,0,0);\n}\n#text-3705446242 > * {\n  color: rgb(0,0,0);\n}\n<\/style>\n\t<\/div>\n\t\n\t<div id=\"gap-1530199469\" class=\"gap-element clearfix\" style=\"display:block; height:auto;\">\n\t\t\n<style>\n#gap-1530199469 {\n  padding-top: 30px;\n}\n<\/style>\n\t<\/div>\n\t\n\t\t<\/div>\n\t\t\t\t\n<style>\n#col-1465141215 > .col-inner {\n  padding: 0px 20px 0px 20px;\n}\n<\/style>\n\t<\/div>\n\n\t\n<\/div>\n<div class=\"row row-collapse row-full-width align-middle align-center\"  id=\"row-1966635631\">\n\n\t<div id=\"col-912675595\" class=\"col small-12 large-12\"  >\n\t\t\t\t<div class=\"col-inner text-center\"  >\n\t\t\t\n\t\t\t\n\t<div id=\"text-3599683885\" class=\"text\">\n\t\t\n<h2 class=\"uppercase\">UN\u2019OPERA CONDIVISA PER QUOTE VARIABILI<\/h2>\n\t\t\n<style>\n#text-3599683885 {\n  font-size: 1rem;\n  color: rgb(0,0,0);\n}\n#text-3599683885 > * {\n  color: rgb(0,0,0);\n}\n<\/style>\n\t<\/div>\n\t\n\t\t<\/div>\n\t\t\t\t\n<style>\n#col-912675595 > .col-inner {\n  padding: 10px 0px 5px 0px;\n}\n<\/style>\n\t<\/div>\n\n\t\n<\/div>\n<div class=\"row row-collapse\"  id=\"row-565824781\">\n\n\t<div id=\"col-568357569\" class=\"col small-12 large-12\"  >\n\t\t\t\t<div class=\"col-inner\"  >\n\t\t\t\n\t\t\t\n\t<div id=\"text-2548959311\" class=\"text\">\n\t\t\n<h1 class=\"text\" dir=\"ltr\">Il neon \u00ab\u00a0Communio pro indiviso\u00a0\u00bb (2022) di Anna Scalfi Eghenter \u00e8 un&rsquo;opera condivisa tra pi\u00f9 collezionisti che posseggono quote variabili degli elementi quadri di cui \u00e8 costituita, e come tale ogni proprietario dell&rsquo;opera indivisa ne \u00e8 definito \u00ab\u00a0comunista\u00a0\u00bb, come scrive l&rsquo;opera nel suo intero.<\/h1>\n<p dir=\"ltr\">Ogni quadro sancisce la titolarit\u00e0 di una porzione dell&rsquo;opera, e ogni collezionista pu\u00f2 acquisire pi\u00f9 unit\u00e0 di neon, che nell&rsquo;insieme costituiranno la corrispondente percentuale di propriet\u00e0 dell&rsquo;intero bene in comunione \u00ab\u00a0Communio pro indiviso\u00a0\u00bb (2022).<\/p>\n<p dir=\"ltr\">L&rsquo;opera \u00ab\u00a0Communio pro indiviso\u00a0\u00bb (2022) viene esposta nella sua interezza. La porzione in possesso del titolare del neon non costituisce un segmento indipendente dell&rsquo;opera, ma definisce una percentuale dell&rsquo;unit\u00e0 indivisa.<\/p>\n<p dir=\"ltr\">L&rsquo;opera \u00ab\u00a0Communio pro indiviso\u00a0\u00bb (2022) \u00e8 costituita da 285 elementi di neon rosso in cristallo sagomato a saldatura creando un quadro 14&#215;9,5x3cm.<\/p>\n<p dir=\"ltr\">Le porzioni dell\u2019opera vengono acquisite in prevendita per consentire la produzione e l&rsquo;esposizione di \u00ab\u00a0Communio pro indiviso\u00a0\u00bb in un prestigioso museo europeo tra l\u2019autunno 2023 e la primavera 2024, e una volta disallestiti i pezzi siano poi spediti a ogni collezionista proprietario, in quanto comunista titolare di una percentuale dell\u2019opera. Ogni collezionista con l\u2019acquisto di un quadro neon accetta di concederlo in prestito nelle occasioni in cui l&rsquo;intera opera verr\u00e0 esposta al pubblico, unitamente agli altri pezzi realizzati e venduti.<\/p>\n\t\t\n<style>\n#text-2548959311 {\n  font-size: 1rem;\n  color: rgb(0,0,0);\n}\n#text-2548959311 > * {\n  color: rgb(0,0,0);\n}\n<\/style>\n\t<\/div>\n\t\n<h3 class=\"accordion_title\">READ MORE<\/h3><div class=\"accordion\">\n<div id=\"accordion-2595994871\" class=\"accordion-item\"><a id=\"accordion-2595994871-label\" href=\"#\" class=\"accordion-title plain\" aria-expanded=\"false\" aria-controls=\"accordion-2595994871-content\"><button class=\"toggle\" aria-label=\"Toggle\"><i class=\"icon-angle-down\"><\/i><\/button><span>read more<\/span><\/a><div id=\"accordion-2595994871-content\" class=\"accordion-inner\" aria-labelledby=\"accordion-2595994871-label\">\n\t<div id=\"text-3556810276\" class=\"text\">\n\t\t\n<p dir=\"ltr\">Anticipazioni delle informazioni successive all&rsquo;acquisto online:<\/p>\n<p>L\u2019opera \u201cCommunio pro indiviso\u201d 2022 \u00e8 costituita da 285 pezzi unici + PA Con la spedizione del neon a ogni collezionista verra\u2019 fornito trasformatore, supporto, assistenza, garanzia, e con costo a parte un eventuale allestimento dedicato sul posto con tecnico specialista. Il trasformatore e la cassa in legno per il trasporto internazionale verranno adattati a seconda del numero di quadri neon acquisiti.<\/p>\n<p>Ogni porzione di neon sar\u00e0 intestata al collezionista corrispondente al nominativo lasciato nel form di acquisto, secondo i recapiti di reperibilit\u00e0 presenti. I contatti dei collezionisti proprietari sono conservati dall\u2019artista nel rispetto della disciplina vigente nell\u2019Unione europea, inclusa quella sulla protezione dei dati personali, e forniti ai musei per la richiesta di prestito per l\u2019esposizione dell\u2019opera.<\/p>\n<p>Al quadro viene attribuito il codice unico con cui viene archiviato. Il codice rester\u00e0 tale anche in caso di successiva cessione del bene. La cessione dell\u2019elemento determina il trasferimento della rispettiva quota proprietaria di opera indivisa e deve essere comunicata nelle modalit\u00e0 che saranno indicate nel contratto.<\/p>\n<p>Previa firma del contratto e pagamento del corrispettivo, sar\u00e0 effettuata la consegna del quadro. Con la consegna del quadro verr\u00e0 consegnata altres\u00ec l\u2019autentica firmata, in attesa della quale la ricevuta vale in sostituzione. Verr\u00e0 chiesta conferma se si desidera appaia il proprio nominativo di proprietario in didascalia dell\u2019opera esposta, o mantenuto riservato. La non disponibilit\u00e0 del quadro, per perdita o distruzione fa decadere i diritti di propriet\u00e0 e autorizza l\u2019artista alla riproduzione del pezzo. L\u2019opera esiste e pu\u00f2 essere esposta nella sua totalit\u00e0.<br \/>\n\t\t\n<style>\n#text-3556810276 {\n  font-size: 1rem;\n}\n<\/style>\n\t<\/div>\n\t\n\t<div id=\"gap-625660126\" class=\"gap-element clearfix\" style=\"display:block; height:auto;\">\n\t\t\n<style>\n#gap-625660126 {\n  padding-top: 30px;\n}\n<\/style>\n\t<\/div>\n\t\n<\/div><\/div>\n<\/div>\n\t\t<\/div>\n\t\t\t\t\n<style>\n#col-568357569 > .col-inner {\n  padding: 0px 20px 0px 20px;\n}\n<\/style>\n\t<\/div>\n\n\t\n<\/div>\n<div class=\"row row-collapse row-full-width align-middle align-center\"  id=\"row-473715864\">\n\n\t<div id=\"col-698451476\" class=\"col small-12 large-12\"  >\n\t\t\t\t<div class=\"col-inner text-center\"  >\n\t\t\t\n\t\t\t\n<div class=\"row row-collapse row-full-width align-middle align-center\"  id=\"row-578804349\">\n\n\t<div id=\"col-1189447983\" class=\"col small-12 large-12\"  >\n\t\t\t\t<div class=\"col-inner text-center\"  >\n\t\t\t\n\t\t\t\n\t<div id=\"text-759592892\" class=\"text\">\n\t\t\n<h2 class=\"uppercase\">PER ESSERE COMUNISTA DELL&rsquo;OPERA IN COMUNIONE<\/h2>\n\t\t\n<style>\n#text-759592892 {\n  font-size: 1rem;\n  text-align: center;\n  color: rgb(0,0,0);\n}\n#text-759592892 > * {\n  color: rgb(0,0,0);\n}\n<\/style>\n\t<\/div>\n\t\n\t\t<\/div>\n\t\t\t\t\n<style>\n#col-1189447983 > .col-inner {\n  padding: 0px 0px 0px 0px;\n  margin: 20px 0px 0px 0px;\n}\n<\/style>\n\t<\/div>\n\n\t\n<\/div>\n\t\t<\/div>\n\t\t\t\t\n<style>\n#col-698451476 > .col-inner {\n  padding: 10px 16px 5px 16px;\n}\n@media (min-width:550px) {\n  #col-698451476 > .col-inner {\n    padding: 10px 0px 5px 0px;\n  }\n}\n<\/style>\n\t<\/div>\n\n\t\n<\/div>\n<div class=\"row row-collapse align-middle align-center\"  id=\"row-1977620110\">\n\n\t<div id=\"col-1004890821\" class=\"col small-12 large-12\"  >\n\t\t\t\t<div class=\"col-inner text-left\"  >\n\t\t\t\n\t\t\t\n\n<style>\n.price-wrapper, .cart { display:none; }<br \/><\/style>\n<div class=\"woocommerce\">\t\t\t<div class=\"single-product\" data-product-page-preselected-id=\"0\">\n\t\t\t\t<div class=\"container\">\n\t<div class=\"woocommerce-notices-wrapper\"><\/div><\/div>\n<div id=\"product-341\" class=\"product type-product post-341 status-publish first outofstock product_cat-artworks has-post-thumbnail shipping-taxable purchasable product-type-simple\">\n\t<div class=\"product-container\">\n  <div class=\"product-main\">\n    <div class=\"row content-row mb-0\">\n\n    \t<div class=\"product-gallery large-4 col\">\n    \t\n<div class=\"product-images relative mb-half has-hover woocommerce-product-gallery woocommerce-product-gallery--with-images woocommerce-product-gallery--columns-4 images\" data-columns=\"4\">\n\n  <div class=\"badge-container is-larger absolute left top z-1\">\n\n<\/div>\n\n  <div class=\"image-tools absolute top show-on-hover right z-3\">\n      <\/div>\n\n  <figure class=\"woocommerce-product-gallery__wrapper product-gallery-slider slider slider-nav-small mb-half\"\n        data-flickity-options='{\n                \"cellAlign\": \"center\",\n                \"wrapAround\": true,\n                \"autoPlay\": false,\n                \"prevNextButtons\":true,\n                \"adaptiveHeight\": true,\n                \"imagesLoaded\": true,\n                \"lazyLoad\": 1,\n                \"dragThreshold\" : 15,\n                \"pageDots\": false,\n                \"rightToLeft\": false       }'>\n    <div data-thumb=\"https:\/\/annissima.com\/wp-content\/uploads\/2023\/08\/Scalfi-Communio-2022-neon-100x100.png\" data-thumb-alt=\"\" class=\"woocommerce-product-gallery__image slide first\"><a href=\"https:\/\/annissima.com\/wp-content\/uploads\/2023\/08\/Scalfi-Communio-2022-neon.png\"><img loading=\"lazy\" decoding=\"async\" width=\"510\" height=\"660\" src=\"https:\/\/annissima.com\/wp-content\/uploads\/2023\/08\/Scalfi-Communio-2022-neon-510x660.png\" class=\"wp-post-image skip-lazy\" alt=\"\" title=\"Scalfi Communio 2022 neon\" data-caption=\"\" data-src=\"https:\/\/annissima.com\/wp-content\/uploads\/2023\/08\/Scalfi-Communio-2022-neon.png\" data-large_image=\"https:\/\/annissima.com\/wp-content\/uploads\/2023\/08\/Scalfi-Communio-2022-neon.png\" data-large_image_width=\"779\" data-large_image_height=\"1008\" srcset=\"https:\/\/annissima.com\/wp-content\/uploads\/2023\/08\/Scalfi-Communio-2022-neon-510x660.png 510w, https:\/\/annissima.com\/wp-content\/uploads\/2023\/08\/Scalfi-Communio-2022-neon-232x300.png 232w, https:\/\/annissima.com\/wp-content\/uploads\/2023\/08\/Scalfi-Communio-2022-neon-768x994.png 768w, https:\/\/annissima.com\/wp-content\/uploads\/2023\/08\/Scalfi-Communio-2022-neon.png 779w\" sizes=\"auto, (max-width: 510px) 100vw, 510px\" \/><\/a><\/div><div data-thumb=\"https:\/\/annissima.com\/wp-content\/uploads\/2023\/04\/Scalfi_Communio-2022-neon_red-100x100.jpg\" data-thumb-alt=\"\" class=\"woocommerce-product-gallery__image slide\"><a href=\"https:\/\/annissima.com\/wp-content\/uploads\/2023\/04\/Scalfi_Communio-2022-neon_red.jpg\"><img loading=\"lazy\" decoding=\"async\" width=\"510\" height=\"656\" src=\"https:\/\/annissima.com\/wp-content\/uploads\/2023\/04\/Scalfi_Communio-2022-neon_red-510x656.jpg\" class=\"skip-lazy\" alt=\"\" title=\"Scalfi_Communio 2022 neon_red\" data-caption=\"\" data-src=\"https:\/\/annissima.com\/wp-content\/uploads\/2023\/04\/Scalfi_Communio-2022-neon_red.jpg\" data-large_image=\"https:\/\/annissima.com\/wp-content\/uploads\/2023\/04\/Scalfi_Communio-2022-neon_red.jpg\" data-large_image_width=\"2720\" data-large_image_height=\"3500\" srcset=\"https:\/\/annissima.com\/wp-content\/uploads\/2023\/04\/Scalfi_Communio-2022-neon_red-510x656.jpg 510w, https:\/\/annissima.com\/wp-content\/uploads\/2023\/04\/Scalfi_Communio-2022-neon_red-233x300.jpg 233w, https:\/\/annissima.com\/wp-content\/uploads\/2023\/04\/Scalfi_Communio-2022-neon_red-796x1024.jpg 796w, https:\/\/annissima.com\/wp-content\/uploads\/2023\/04\/Scalfi_Communio-2022-neon_red-768x988.jpg 768w, https:\/\/annissima.com\/wp-content\/uploads\/2023\/04\/Scalfi_Communio-2022-neon_red-1194x1536.jpg 1194w, https:\/\/annissima.com\/wp-content\/uploads\/2023\/04\/Scalfi_Communio-2022-neon_red-1592x2048.jpg 1592w\" sizes=\"auto, (max-width: 510px) 100vw, 510px\" \/><\/a><\/div><div data-thumb=\"https:\/\/annissima.com\/wp-content\/uploads\/2023\/07\/Scalfi_Eghenter_2022_Communio-pro-indiviso_neon-100x100.png\" data-thumb-alt=\"Communio pro-indiviso (2022) \/ Anna Scalfi Eghenter\" class=\"woocommerce-product-gallery__image slide\"><a href=\"https:\/\/annissima.com\/wp-content\/uploads\/2023\/07\/Scalfi_Eghenter_2022_Communio-pro-indiviso_neon.png\"><img loading=\"lazy\" decoding=\"async\" width=\"510\" height=\"86\" src=\"https:\/\/annissima.com\/wp-content\/uploads\/2023\/07\/Scalfi_Eghenter_2022_Communio-pro-indiviso_neon-510x86.png\" class=\"skip-lazy\" alt=\"Communio pro-indiviso (2022) \/ Anna Scalfi Eghenter\" title=\"Scalfi_Eghenter_2022_Communio pro indiviso_neon\" data-caption=\"\" data-src=\"https:\/\/annissima.com\/wp-content\/uploads\/2023\/07\/Scalfi_Eghenter_2022_Communio-pro-indiviso_neon.png\" data-large_image=\"https:\/\/annissima.com\/wp-content\/uploads\/2023\/07\/Scalfi_Eghenter_2022_Communio-pro-indiviso_neon.png\" data-large_image_width=\"2250\" data-large_image_height=\"380\" srcset=\"https:\/\/annissima.com\/wp-content\/uploads\/2023\/07\/Scalfi_Eghenter_2022_Communio-pro-indiviso_neon-510x86.png 510w, https:\/\/annissima.com\/wp-content\/uploads\/2023\/07\/Scalfi_Eghenter_2022_Communio-pro-indiviso_neon-300x51.png 300w, https:\/\/annissima.com\/wp-content\/uploads\/2023\/07\/Scalfi_Eghenter_2022_Communio-pro-indiviso_neon-1024x173.png 1024w, https:\/\/annissima.com\/wp-content\/uploads\/2023\/07\/Scalfi_Eghenter_2022_Communio-pro-indiviso_neon-768x130.png 768w, https:\/\/annissima.com\/wp-content\/uploads\/2023\/07\/Scalfi_Eghenter_2022_Communio-pro-indiviso_neon-1536x259.png 1536w, https:\/\/annissima.com\/wp-content\/uploads\/2023\/07\/Scalfi_Eghenter_2022_Communio-pro-indiviso_neon-2048x346.png 2048w\" sizes=\"auto, (max-width: 510px) 100vw, 510px\" \/><\/a><\/div>  <\/figure>\n\n  <div class=\"image-tools absolute bottom left z-3\">\n        <a href=\"#product-zoom\" class=\"zoom-button button is-outline circle icon tooltip hide-for-small\" title=\"Zoom\">\n      <i class=\"icon-expand\" ><\/i>    <\/a>\n   <\/div>\n<\/div>\n\n\t<div class=\"product-thumbnails thumbnails slider-no-arrows slider row row-small row-slider slider-nav-small small-columns-4\"\n\t\tdata-flickity-options='{\n\t\t\t\"cellAlign\": \"left\",\n\t\t\t\"wrapAround\": false,\n\t\t\t\"autoPlay\": false,\n\t\t\t\"prevNextButtons\": true,\n\t\t\t\"asNavFor\": \".product-gallery-slider\",\n\t\t\t\"percentPosition\": true,\n\t\t\t\"imagesLoaded\": true,\n\t\t\t\"pageDots\": false,\n\t\t\t\"rightToLeft\": false,\n\t\t\t\"contain\": true\n\t\t}'>\n\t\t\t\t\t<div class=\"col is-nav-selected first\">\n\t\t\t\t<a>\n\t\t\t\t\t<img loading=\"lazy\" decoding=\"async\" src=\"https:\/\/annissima.com\/wp-content\/uploads\/2023\/08\/Scalfi-Communio-2022-neon-247x296.png\" alt=\"\" width=\"247\" height=\"296\" class=\"attachment-woocommerce_thumbnail\" \/>\t\t\t\t<\/a>\n\t\t\t<\/div><div class=\"col\"><a><img loading=\"lazy\" decoding=\"async\" src=\"https:\/\/annissima.com\/wp-content\/uploads\/2023\/04\/Scalfi_Communio-2022-neon_red-247x296.jpg\" alt=\"\" width=\"247\" height=\"296\"  class=\"attachment-woocommerce_thumbnail\" \/><\/a><\/div><div class=\"col\"><a><img loading=\"lazy\" decoding=\"async\" src=\"https:\/\/annissima.com\/wp-content\/uploads\/2023\/07\/Scalfi_Eghenter_2022_Communio-pro-indiviso_neon-247x296.png\" alt=\"Communio pro-indiviso (2022) \/ Anna Scalfi Eghenter\" width=\"247\" height=\"296\"  class=\"attachment-woocommerce_thumbnail\" \/><\/a><\/div>\t<\/div>\n\t    \t<\/div>\n\n    \t<div class=\"product-info summary col-fit col entry-summary product-summary\">\n\n    \t\t<nav class=\"woocommerce-breadcrumb breadcrumbs uppercase\"><a href=\"https:\/\/annissima.com\/fr\/\">Accueil<\/a> <span class=\"divider\">&#47;<\/span> <a href=\"https:\/\/annissima.com\/fr\/categoria-prodotto\/artworks\/\">Artworks<\/a><\/nav><h1 class=\"product-title product_title entry-title\">\n\tCommunio pro-indiviso (2022) \/ Anna Scalfi Eghenter<\/h1>\n\n<div class=\"product-short-description\">\n\t<div><strong>CARACT\u00c9RISTIQUES TECHNIQUES POUR CHAQUE TABLEAU : \u00a0<\/strong><br \/>\n<strong>LAMPE<\/strong> \u00e9l\u00e9ment en fil de n\u00e9on<\/div>\n<div><strong>DIMENSIONS<\/strong> 14 x 3 x 9,5 cm avec approximation artisanale<br \/>\n<strong>MAT\u00c9RIAU<\/strong> tubes d&rsquo;\u00e9clairage \u00e0 cathode froide en verre de cristal form\u00e9 \u00e0 la main, diam\u00e8tre 15 mm, technique de soudage avec feuillure r\u00e9alis\u00e9e dans les ateliers &lsquo;Neon Lauro 1956&rsquo;.<br \/>\n<strong>COULEUR<\/strong> transparent lumineux rouge<br \/>\n<strong>LUMINOSIT\u00c9<\/strong> d&rsquo;un \u00e9l\u00e9ment : 400 bougies par m\u00e8tre carr\u00e9<br \/>\n<strong>ACCESSOIRES<\/strong> n\u00e9cessaires \u00e0 l&rsquo;installation, supports, couvercles d&rsquo;\u00e9lectrodes en verre isolant, c\u00e2bles A.T.<br \/>\n<strong>TRANSFORMATEUR<\/strong> de puissance ad\u00e9quate par rapport au nombre d&rsquo;\u00e9l\u00e9ments acquis<\/div>\n<div><strong>SOLUTION<\/strong> pour usage int\u00e9rieur\/ext\u00e9rieur<br \/>\n<strong>MANUEL<\/strong> pour l&rsquo;installation, l&rsquo;utilisation et l&rsquo;entretien<br \/>\n<strong>CERTIFICAT<\/strong> d&rsquo;authentification<br \/>\n<strong>EMBALLAGE<\/strong> caisse en bois sur mesure adapt\u00e9e au transport international, en fonction du nombre d&rsquo;\u00e9l\u00e9ments acquis<\/div>\n<\/div>\n<div class=\"price-wrapper\">\n\t<p class=\"price product-page-price price-not-in-stock\">\n  <span class=\"woocommerce-Price-amount amount\"><bdi><span class=\"woocommerce-Price-currencySymbol\">&euro;<\/span>5,000.00<\/bdi><\/span><\/p>\n<\/div>\n <p class=\"stock out-of-stock\">Rupture de stock<\/p>\n<div class=\"product_meta\">\n\n\t\n\t\n\t<span class=\"posted_in\">Cat\u00e9gorie\u00a0: <a href=\"https:\/\/annissima.com\/fr\/categoria-prodotto\/artworks\/\" rel=\"tag\">Artworks<\/a><\/span>\n\t\n\t\n<\/div>\n<div class=\"social-icons share-icons share-row relative\" ><a href=\"whatsapp:\/\/send?text=Communio%20pro-indiviso%20%282022%29%20%2F%20Anna%20Scalfi%20Eghenter - https:\/\/annissima.com\/fr\/prodotto\/communio-pro-indiviso-2022-anna-scalfi-eghenter\/\" data-action=\"share\/whatsapp\/share\" class=\"icon button circle is-outline tooltip whatsapp show-for-medium\" title=\"Share on WhatsApp\" aria-label=\"Share on WhatsApp\"><i class=\"icon-whatsapp\"><\/i><\/a><a href=\"https:\/\/www.facebook.com\/sharer.php?u=https:\/\/annissima.com\/fr\/prodotto\/communio-pro-indiviso-2022-anna-scalfi-eghenter\/\" data-label=\"Facebook\" onclick=\"window.open(this.href,this.title,'width=500,height=500,top=300px,left=300px');  return false;\" rel=\"noopener noreferrer nofollow\" target=\"_blank\" class=\"icon button circle is-outline tooltip facebook\" title=\"Partager sur Facebook\" aria-label=\"Partager sur Facebook\"><i class=\"icon-facebook\" ><\/i><\/a><a href=\"https:\/\/twitter.com\/share?url=https:\/\/annissima.com\/fr\/prodotto\/communio-pro-indiviso-2022-anna-scalfi-eghenter\/\" onclick=\"window.open(this.href,this.title,'width=500,height=500,top=300px,left=300px');  return false;\" rel=\"noopener noreferrer nofollow\" target=\"_blank\" class=\"icon button circle is-outline tooltip twitter\" title=\"Partager sur Twitter\" aria-label=\"Partager sur Twitter\"><i class=\"icon-twitter\" ><\/i><\/a><a href=\"mailto:enteryour@addresshere.com?subject=Communio%20pro-indiviso%20%282022%29%20%2F%20Anna%20Scalfi%20Eghenter&amp;body=Check%20this%20out:%20https:\/\/annissima.com\/fr\/prodotto\/communio-pro-indiviso-2022-anna-scalfi-eghenter\/\" rel=\"nofollow\" class=\"icon button circle is-outline tooltip email\" title=\"Envoyer par mail\" aria-label=\"Envoyer par mail\"><i class=\"icon-envelop\" ><\/i><\/a><a href=\"https:\/\/pinterest.com\/pin\/create\/button\/?url=https:\/\/annissima.com\/fr\/prodotto\/communio-pro-indiviso-2022-anna-scalfi-eghenter\/&amp;media=https:\/\/annissima.com\/wp-content\/uploads\/2023\/08\/Scalfi-Communio-2022-neon.png&amp;description=Communio%20pro-indiviso%20%282022%29%20%2F%20Anna%20Scalfi%20Eghenter\" onclick=\"window.open(this.href,this.title,'width=500,height=500,top=300px,left=300px');  return false;\" rel=\"noopener noreferrer nofollow\" target=\"_blank\" class=\"icon button circle is-outline tooltip pinterest\" title=\"Epingler sur Pinterest\" aria-label=\"Epingler sur Pinterest\"><i class=\"icon-pinterest\" ><\/i><\/a><a href=\"https:\/\/www.linkedin.com\/shareArticle?mini=true&url=https:\/\/annissima.com\/fr\/prodotto\/communio-pro-indiviso-2022-anna-scalfi-eghenter\/&title=Communio%20pro-indiviso%20%282022%29%20%2F%20Anna%20Scalfi%20Eghenter\" onclick=\"window.open(this.href,this.title,'width=500,height=500,top=300px,left=300px');  return false;\"  rel=\"noopener noreferrer nofollow\" target=\"_blank\" class=\"icon button circle is-outline tooltip linkedin\" title=\"Share on LinkedIn\" aria-label=\"Share on LinkedIn\"><i class=\"icon-linkedin\" ><\/i><\/a><\/div>\n    \t<\/div>\n\n    \t<div id=\"product-sidebar\" class=\"mfp-hide\">\n    \t\t<div class=\"sidebar-inner\">\n    \t\t\t    \t\t<\/div>\n    \t<\/div>\n\n    <\/div>\n  <\/div>\n\n  <div class=\"product-footer\">\n  \t<div class=\"container\">\n    \t\t\n\t<div class=\"woocommerce-tabs wc-tabs-wrapper container tabbed-content\">\n\t\t<ul class=\"tabs wc-tabs product-tabs small-nav-collapse nav nav-uppercase nav-line nav-left\" role=\"tablist\">\n\t\t\t\t\t\t\t<li class=\"description_tab active\" id=\"tab-title-description\" role=\"presentation\">\n\t\t\t\t\t<a href=\"#tab-description\" role=\"tab\" aria-selected=\"true\" aria-controls=\"tab-description\">\n\t\t\t\t\t\tDescription\t\t\t\t\t<\/a>\n\t\t\t\t<\/li>\n\t\t\t\t\t\t\t\t\t\t\t<li class=\"additional_information_tab \" id=\"tab-title-additional_information\" role=\"presentation\">\n\t\t\t\t\t<a href=\"#tab-additional_information\" role=\"tab\" aria-selected=\"false\" aria-controls=\"tab-additional_information\" tabindex=\"-1\">\n\t\t\t\t\t\tInformations compl\u00e9mentaires\t\t\t\t\t<\/a>\n\t\t\t\t<\/li>\n\t\t\t\t\t\t\t\t\t<\/ul>\n\t\t<div class=\"tab-panels\">\n\t\t\t\t\t\t\t<div class=\"woocommerce-Tabs-panel woocommerce-Tabs-panel--description panel entry-content active\" id=\"tab-description\" role=\"tabpanel\" aria-labelledby=\"tab-title-description\">\n\t\t\t\t\t\t\t\t\t\t\n\n<div><strong>CARACT\u00c9RISTIQUES TECHNIQUES POUR CHAQUE TABLEAU : \u00a0<\/strong><br \/>\n<strong>LAMPE<\/strong> \u00e9l\u00e9ment en fil de n\u00e9on<\/div>\n<div><strong>DIMENSIONS<\/strong> 14 x 3 x 9,5 cm avec approximation artisanale<br \/>\n<strong>MAT\u00c9RIAU<\/strong> tubes d&rsquo;\u00e9clairage \u00e0 cathode froide en verre de cristal form\u00e9 \u00e0 la main, diam\u00e8tre 15 mm, technique de soudage avec feuillure r\u00e9alis\u00e9e dans les ateliers &lsquo;Neon Lauro 1956&rsquo;.<br \/>\n<strong>COULEUR<\/strong> transparent lumineux rouge<br \/>\n<strong>LUMINOSIT\u00c9<\/strong> d&rsquo;un \u00e9l\u00e9ment : 400 bougies par m\u00e8tre carr\u00e9<br \/>\n<strong>ACCESSOIRES<\/strong> n\u00e9cessaires \u00e0 l&rsquo;installation, supports, couvercles d&rsquo;\u00e9lectrodes en verre isolant, c\u00e2bles A.T.<br \/>\n<strong>TRANSFORMATEUR<\/strong> de puissance ad\u00e9quate par rapport au nombre d&rsquo;\u00e9l\u00e9ments acquis<\/div>\n<div><strong>SOLUTION<\/strong> pour usage int\u00e9rieur\/ext\u00e9rieur<br \/>\n<strong>MANUEL<\/strong> pour l&rsquo;installation, l&rsquo;utilisation et l&rsquo;entretien<br \/>\n<strong>CERTIFICAT<\/strong> d&rsquo;authentification<br \/>\n<strong>EMBALLAGE<\/strong> caisse en bois sur mesure adapt\u00e9e au transport international, en fonction du nombre d&rsquo;\u00e9l\u00e9ments acquis<\/div>\n\t\t\t\t<\/div>\n\t\t\t\t\t\t\t\t\t\t\t<div class=\"woocommerce-Tabs-panel woocommerce-Tabs-panel--additional_information panel entry-content \" id=\"tab-additional_information\" role=\"tabpanel\" aria-labelledby=\"tab-title-additional_information\">\n\t\t\t\t\t\t\t\t\t\t\n\n<table class=\"woocommerce-product-attributes shop_attributes\" aria-label=\"D\u00e9tails du produit\">\n\t\t\t<tr class=\"woocommerce-product-attributes-item woocommerce-product-attributes-item--weight\">\n\t\t\t<th class=\"woocommerce-product-attributes-item__label\" scope=\"row\">Poids<\/th>\n\t\t\t<td class=\"woocommerce-product-attributes-item__value\">2 kg<\/td>\n\t\t<\/tr>\n\t\t\t<tr class=\"woocommerce-product-attributes-item woocommerce-product-attributes-item--dimensions\">\n\t\t\t<th class=\"woocommerce-product-attributes-item__label\" scope=\"row\">Dimensions<\/th>\n\t\t\t<td class=\"woocommerce-product-attributes-item__value\">60 &times; 40 &times; 40 cm<\/td>\n\t\t<\/tr>\n\t<\/table>\n\t\t\t\t<\/div>\n\t\t\t\t\t\t\t\n\t\t\t\t\t<\/div>\n\t<\/div>\n\n    <\/div>\n  <\/div>\n<\/div>\n<\/div>\n\t\t\t<\/div>\n\t\t\t<\/div>\n\n\t\t<\/div>\n\t\t\t\t\n<style>\n#col-1004890821 > .col-inner {\n  padding: 0px 16px 0px 16px;\n}\n<\/style>\n\t<\/div>\n\n\t\n<\/div>\n<div class=\"row row-collapse align-middle\"  id=\"row-1562620906\">\n\n\t<div id=\"col-587546810\" class=\"col small-12 large-12\"  >\n\t\t\t\t<div class=\"col-inner text-left\"  >\n\t\t\t\n\t\t\t\n\t<div id=\"gap-1480328180\" class=\"gap-element clearfix hidden\" style=\"display:block; height:auto;\">\n\t\t\n<style>\n#gap-1480328180 {\n  padding-top: 30px;\n}\n<\/style>\n\t<\/div>\n\t\n<a href=\"https:\/\/annissima.com\/fr\/pour-devenir-communiste\/\" target=\"_self\" class=\"button primary is-outline is-larger box-shadow-1-hover lowercase hidden\"  >\n    <span>read more<\/span>\n  <\/a>\n\n<p>For more information contact <a href=\"mailto:info@annissima.com\" target=\"_blank\" rel=\"noopener\">info@annissima.com<\/a><\/p>\n\t\t<\/div>\n\t\t\t\t\n<style>\n#col-587546810 > .col-inner {\n  padding: 0px 16px 0px 16px;\n}\n<\/style>\n\t<\/div>\n\n\t\n<\/div>\n","protected":false},"excerpt":{"rendered":"","protected":false},"author":1,"featured_media":0,"parent":0,"menu_order":0,"comment_status":"closed","ping_status":"open","template":"page-blank.php","meta":{"om_disable_all_campaigns":false,"_monsterinsights_skip_tracking":false,"_monsterinsights_sitenote_active":false,"_monsterinsights_sitenote_note":"","_monsterinsights_sitenote_category":0,"footnotes":""},"class_list":["post-343","page","type-page","status-publish","hentry"],"yoast_head":"<!-- This site is optimized with the Yoast SEO plugin v26.7 - https:\/\/yoast.com\/wordpress\/plugins\/seo\/ -->\n<title>Communio pro indiviso (2022) - Anna Scalfi Eghenter - Annissima<\/title>\n<meta name=\"robots\" content=\"index, follow, max-snippet:-1, max-image-preview:large, max-video-preview:-1\" \/>\n<link rel=\"canonical\" href=\"https:\/\/annissima.com\/fr\/\" \/>\n<meta property=\"og:locale\" content=\"fr_FR\" \/>\n<meta property=\"og:type\" content=\"article\" \/>\n<meta property=\"og:title\" content=\"Communio pro indiviso (2022) - Anna Scalfi Eghenter - Annissima\" \/>\n<meta property=\"og:url\" content=\"https:\/\/annissima.com\/fr\/\" \/>\n<meta property=\"og:site_name\" content=\"Annissima\" \/>\n<meta property=\"article:modified_time\" content=\"2024-03-18T12:44:57+00:00\" \/>\n<meta property=\"og:image\" content=\"https:\/\/annissima.com\/wp-content\/uploads\/2023\/07\/Communio-pro-indiviso_ScalfiEghenter-2022-1024x390.jpg\" \/>\n<meta name=\"twitter:card\" content=\"summary_large_image\" \/>\n<meta name=\"twitter:image\" content=\"https:\/\/annissima.com\/wp-content\/uploads\/2023\/07\/Communio-pro-indiviso_ScalfiEghenter-2022-1024x390.jpg\" \/>\n<meta name=\"twitter:label1\" content=\"Dur\u00e9e de lecture estim\u00e9e\" \/>\n\t<meta name=\"twitter:data1\" content=\"4 minutes\" \/>\n<script type=\"application\/ld+json\" class=\"yoast-schema-graph\">{\"@context\":\"https:\/\/schema.org\",\"@graph\":[{\"@type\":\"WebPage\",\"@id\":\"https:\/\/annissima.com\/fr\/\",\"url\":\"https:\/\/annissima.com\/fr\/\",\"name\":\"Communio pro indiviso (2022) - Anna Scalfi Eghenter - Annissima\",\"isPartOf\":{\"@id\":\"https:\/\/annissima.com\/fr\/#website\"},\"datePublished\":\"2022-12-26T10:37:55+00:00\",\"dateModified\":\"2024-03-18T12:44:57+00:00\",\"breadcrumb\":{\"@id\":\"https:\/\/annissima.com\/fr\/#breadcrumb\"},\"inLanguage\":\"fr-FR\",\"potentialAction\":[{\"@type\":\"ReadAction\",\"target\":[\"https:\/\/annissima.com\/fr\/\"]}]},{\"@type\":\"BreadcrumbList\",\"@id\":\"https:\/\/annissima.com\/fr\/#breadcrumb\",\"itemListElement\":[{\"@type\":\"ListItem\",\"position\":1,\"name\":\"Home\",\"item\":\"https:\/\/annissima.com\/fr\/\"},{\"@type\":\"ListItem\",\"position\":2,\"name\":\"Communio pro indiviso (2022) &#8211; Anna Scalfi Eghenter\"}]},{\"@type\":\"WebSite\",\"@id\":\"https:\/\/annissima.com\/fr\/#website\",\"url\":\"https:\/\/annissima.com\/fr\/\",\"name\":\"Annissima\",\"description\":\"\",\"publisher\":{\"@id\":\"https:\/\/annissima.com\/fr\/#\/schema\/person\/20ddb9283bed1379c30ee673559b9e9e\"},\"potentialAction\":[{\"@type\":\"SearchAction\",\"target\":{\"@type\":\"EntryPoint\",\"urlTemplate\":\"https:\/\/annissima.com\/fr\/?s={search_term_string}\"},\"query-input\":{\"@type\":\"PropertyValueSpecification\",\"valueRequired\":true,\"valueName\":\"search_term_string\"}}],\"inLanguage\":\"fr-FR\"},{\"@type\":[\"Person\",\"Organization\"],\"@id\":\"https:\/\/annissima.com\/fr\/#\/schema\/person\/20ddb9283bed1379c30ee673559b9e9e\",\"name\":\"Anna Scalfi\",\"image\":{\"@type\":\"ImageObject\",\"inLanguage\":\"fr-FR\",\"@id\":\"https:\/\/annissima.com\/fr\/#\/schema\/person\/image\/\",\"url\":\"https:\/\/annissima.com\/wp-content\/uploads\/2023\/05\/annissima_logo_email.png\",\"contentUrl\":\"https:\/\/annissima.com\/wp-content\/uploads\/2023\/05\/annissima_logo_email.png\",\"width\":150,\"height\":39,\"caption\":\"Anna Scalfi\"},\"logo\":{\"@id\":\"https:\/\/annissima.com\/fr\/#\/schema\/person\/image\/\"}}]}<\/script>\n<!-- \/ Yoast SEO plugin. -->","yoast_head_json":{"title":"Communio pro indiviso (2022) - Anna Scalfi Eghenter - Annissima","robots":{"index":"index","follow":"follow","max-snippet":"max-snippet:-1","max-image-preview":"max-image-preview:large","max-video-preview":"max-video-preview:-1"},"canonical":"https:\/\/annissima.com\/fr\/","og_locale":"fr_FR","og_type":"article","og_title":"Communio pro indiviso (2022) - Anna Scalfi Eghenter - Annissima","og_url":"https:\/\/annissima.com\/fr\/","og_site_name":"Annissima","article_modified_time":"2024-03-18T12:44:57+00:00","og_image":[{"url":"https:\/\/annissima.com\/wp-content\/uploads\/2023\/07\/Communio-pro-indiviso_ScalfiEghenter-2022-1024x390.jpg","type":"","width":"","height":""}],"twitter_card":"summary_large_image","twitter_image":"https:\/\/annissima.com\/wp-content\/uploads\/2023\/07\/Communio-pro-indiviso_ScalfiEghenter-2022-1024x390.jpg","twitter_misc":{"Dur\u00e9e de lecture estim\u00e9e":"4 minutes"},"schema":{"@context":"https:\/\/schema.org","@graph":[{"@type":"WebPage","@id":"https:\/\/annissima.com\/fr\/","url":"https:\/\/annissima.com\/fr\/","name":"Communio pro indiviso (2022) - Anna Scalfi Eghenter - Annissima","isPartOf":{"@id":"https:\/\/annissima.com\/fr\/#website"},"datePublished":"2022-12-26T10:37:55+00:00","dateModified":"2024-03-18T12:44:57+00:00","breadcrumb":{"@id":"https:\/\/annissima.com\/fr\/#breadcrumb"},"inLanguage":"fr-FR","potentialAction":[{"@type":"ReadAction","target":["https:\/\/annissima.com\/fr\/"]}]},{"@type":"BreadcrumbList","@id":"https:\/\/annissima.com\/fr\/#breadcrumb","itemListElement":[{"@type":"ListItem","position":1,"name":"Home","item":"https:\/\/annissima.com\/fr\/"},{"@type":"ListItem","position":2,"name":"Communio pro indiviso (2022) &#8211; Anna Scalfi Eghenter"}]},{"@type":"WebSite","@id":"https:\/\/annissima.com\/fr\/#website","url":"https:\/\/annissima.com\/fr\/","name":"Annissima","description":"","publisher":{"@id":"https:\/\/annissima.com\/fr\/#\/schema\/person\/20ddb9283bed1379c30ee673559b9e9e"},"potentialAction":[{"@type":"SearchAction","target":{"@type":"EntryPoint","urlTemplate":"https:\/\/annissima.com\/fr\/?s={search_term_string}"},"query-input":{"@type":"PropertyValueSpecification","valueRequired":true,"valueName":"search_term_string"}}],"inLanguage":"fr-FR"},{"@type":["Person","Organization"],"@id":"https:\/\/annissima.com\/fr\/#\/schema\/person\/20ddb9283bed1379c30ee673559b9e9e","name":"Anna Scalfi","image":{"@type":"ImageObject","inLanguage":"fr-FR","@id":"https:\/\/annissima.com\/fr\/#\/schema\/person\/image\/","url":"https:\/\/annissima.com\/wp-content\/uploads\/2023\/05\/annissima_logo_email.png","contentUrl":"https:\/\/annissima.com\/wp-content\/uploads\/2023\/05\/annissima_logo_email.png","width":150,"height":39,"caption":"Anna Scalfi"},"logo":{"@id":"https:\/\/annissima.com\/fr\/#\/schema\/person\/image\/"}}]}},"_links":{"self":[{"href":"https:\/\/annissima.com\/fr\/wp-json\/wp\/v2\/pages\/343","targetHints":{"allow":["GET"]}}],"collection":[{"href":"https:\/\/annissima.com\/fr\/wp-json\/wp\/v2\/pages"}],"about":[{"href":"https:\/\/annissima.com\/fr\/wp-json\/wp\/v2\/types\/page"}],"author":[{"embeddable":true,"href":"https:\/\/annissima.com\/fr\/wp-json\/wp\/v2\/users\/1"}],"replies":[{"embeddable":true,"href":"https:\/\/annissima.com\/fr\/wp-json\/wp\/v2\/comments?post=343"}],"version-history":[{"count":21,"href":"https:\/\/annissima.com\/fr\/wp-json\/wp\/v2\/pages\/343\/revisions"}],"predecessor-version":[{"id":868,"href":"https:\/\/annissima.com\/fr\/wp-json\/wp\/v2\/pages\/343\/revisions\/868"}],"wp:attachment":[{"href":"https:\/\/annissima.com\/fr\/wp-json\/wp\/v2\/media?parent=343"}],"curies":[{"name":"wp","href":"https:\/\/api.w.org\/{rel}","templated":true}]}}